{"id":559,"date":"2021-03-03T11:29:58","date_gmt":"2021-03-03T10:29:58","guid":{"rendered":"https:\/\/boedeker.ze-one.de\/datenschutz\/"},"modified":"2021-03-20T20:43:54","modified_gmt":"2021-03-20T19:43:54","slug":"protection-des-donnees","status":"publish","type":"page","link":"https:\/\/www.meik-boedeker.de\/fr\/protection-des-donnees\/","title":{"rendered":"Protection des donn\u00e9es"},"content":{"rendered":"<div class=\"fusion-fullwidth fullwidth-box fusion-builder-row-1 fusion-flex-container nonhundred-percent-fullwidth non-hundred-percent-height-scrolling\" style=\"background-color: #000000;background-position: center center;background-repeat: no-repeat;border-width: 0px 0px 0px 0px;border-color:#000000;border-style:solid;\" id=\"datenschutz\" ><div class=\"fusion-builder-row fusion-row fusion-flex-align-items-flex-start\" style=\"max-width:calc( 1200px + 0px );margin-left: calc(-0px \/ 2 );margin-right: calc(-0px \/ 2 );\"><div class=\"fusion-layout-column fusion_builder_column fusion-builder-column-0 fusion_builder_column_1_1 1_1 fusion-flex-column\"><div class=\"fusion-column-wrapper fusion-flex-justify-content-flex-start fusion-content-layout-column\" style=\"background-position:left top;background-repeat:no-repeat;-webkit-background-size:cover;-moz-background-size:cover;-o-background-size:cover;background-size:cover;padding: 0px 0px 0px 0px;\"><div class=\"fusion-text fusion-text-1\" style=\"transform:translate3d(0,0,0);\"><h2>Politique de confidentialit\u00e9<\/h2>\n<p><strong>Politique g\u00e9n\u00e9rale de confidentialit\u00e9<br \/>\n<\/strong>En utilisant mon site web, vous acceptez la collecte, le traitement et l&rsquo;utilisation des donn\u00e9es comme d\u00e9crit ci-dessous. Mon site web peut \u00eatre visit\u00e9 sans inscription. Les donn\u00e9es telles que les pages consult\u00e9es ou les noms des fichiers consult\u00e9s, la date et l&rsquo;heure sont stock\u00e9es sur le serveur \u00e0 des fins statistiques sans que ces donn\u00e9es soient directement li\u00e9es \u00e0 votre personne. Les donn\u00e9es \u00e0 caract\u00e8re personnel, notamment le nom, l&rsquo;adresse ou l&rsquo;adresse \u00e9lectronique, sont recueillies dans la mesure du possible sur une base volontaire. Aucune donn\u00e9e ne sera transmise \u00e0 des tiers sans votre consentement.<\/p>\n<p><strong>Utilisation de l&rsquo;information<br \/>\n<\/strong>Si vous utilisez ce site web sans me transmettre de donn\u00e9es d&rsquo;une autre mani\u00e8re (par exemple en vous inscrivant ou en utilisant le formulaire de contact), je ne recueille que les donn\u00e9es techniquement n\u00e9cessaires qui sont automatiquement transmises au serveur correspondant (par exemple l&rsquo;adresse IP, la date et l&rsquo;heure de la demande, le type de navigateur et le syst\u00e8me d&rsquo;exploitation). Cela est techniquement n\u00e9cessaire pour pouvoir vous pr\u00e9senter mon site web. En ce qui concerne les donn\u00e9es personnelles, l&rsquo;art. 6 al. 1 lit. f DSGVO est la base juridique de la collecte.<\/p>\n<p><strong>Vos droits<br \/>\n<\/strong>Vous disposez des droits l\u00e9gaux suivants en ce qui concerne les donn\u00e9es \u00e0 caract\u00e8re personnel vous concernant :<\/p>\n<p><em>Droit \u00e0 l&rsquo;information<\/em><br \/>\nEn tant que personne concern\u00e9e, vous avez le droit de demander la confirmation que je traite ou non des donn\u00e9es \u00e0 caract\u00e8re personnel vous concernant. Si tel est le cas, vous avez le droit d&rsquo;\u00eatre inform\u00e9 de ces donn\u00e9es \u00e0 caract\u00e8re personnel et de recevoir des informations compl\u00e9mentaires, par exemple sur les finalit\u00e9s du traitement, les destinataires et la dur\u00e9e de conservation pr\u00e9vue ou les crit\u00e8res de d\u00e9termination de la dur\u00e9e.<\/p>\n<p><em>Droit de rectification et d&rsquo;ach\u00e8vement<\/em><br \/>\nEn tant que personne concern\u00e9e, vous avez le droit de demander que des donn\u00e9es inexactes soient corrig\u00e9es sans d\u00e9lai. Compte tenu des finalit\u00e9s du traitement, vous avez le droit de demander que les donn\u00e9es incompl\u00e8tes soient compl\u00e9t\u00e9es.<\/p>\n<p><em>Droit \u00e0 l&rsquo;effacement (\u00ab\u00a0droit d&rsquo;\u00eatre oubli\u00e9\u00a0\u00bb)<br \/>\n<\/em>En tant que personne concern\u00e9e, vous avez un droit d&rsquo;effacement dans la mesure o\u00f9 le traitement n&rsquo;est pas n\u00e9cessaire. C&rsquo;est le cas, par exemple, si vos donn\u00e9es ne sont plus n\u00e9cessaires pour les objectifs initiaux, si vous avez r\u00e9voqu\u00e9 votre d\u00e9claration de consentement en vertu de la loi sur la protection des donn\u00e9es ou si les donn\u00e9es ont \u00e9t\u00e9 trait\u00e9es ill\u00e9galement.<\/p>\n<p><em>Droit \u00e0 la limitation du traitement<\/em><br \/>\nEn tant que personne concern\u00e9e, vous avez le droit de limiter le traitement, par exemple, si vous pensez que les donn\u00e9es \u00e0 caract\u00e8re personnel sont inexactes.<\/p>\n<p><em>Droit \u00e0 la portabilit\u00e9 des donn\u00e9es<\/em><br \/>\nEn tant que personne concern\u00e9e, vous avez le droit de recevoir des donn\u00e9es \u00e0 caract\u00e8re personnel vous concernant dans un format structur\u00e9, couramment utilis\u00e9 et lisible par machine.<\/p>\n<p><em>Droit d&rsquo;opposition<\/em><br \/>\nEn tant que personne concern\u00e9e, vous avez le droit de vous opposer \u00e0 tout moment, pour des raisons li\u00e9es \u00e0 votre situation particuli\u00e8re, au traitement de certaines donn\u00e9es \u00e0 caract\u00e8re personnel vous concernant. En cas de marketing direct, vous avez le droit, en tant que personne concern\u00e9e, de vous opposer \u00e0 tout moment au traitement des donn\u00e9es \u00e0 caract\u00e8re personnel vous concernant pour ce marketing, y compris le profilage, dans la mesure o\u00f9 il est li\u00e9 \u00e0 ce marketing direct.<\/p>\n<p>Je souligne que la transmission de donn\u00e9es sur Internet (par exemple la communication par courrier \u00e9lectronique) pr\u00e9sente des lacunes en mati\u00e8re de s\u00e9curit\u00e9. Une protection compl\u00e8te des donn\u00e9es contre l&rsquo;acc\u00e8s par des tiers n&rsquo;est pas possible.<\/p>\n<p><strong>Utilisation de Google Maps<br \/>\n<\/strong>Ce site web utilise l&rsquo;API Google Maps, un service de cartographie fourni par Google Inc. (\u00ab\u00a0Google\u00a0\u00bb), d&rsquo;afficher une carte interactive et de cr\u00e9er des itin\u00e9raires. Google Maps est exploit\u00e9 par Google Inc, 1600 Amphitheatre Parkway, Mountain View, CA 94043, USA. En utilisant Google Maps, les informations relatives \u00e0 votre utilisation de ce site web (y compris votre adresse IP) peuvent \u00eatre transmises \u00e0 un serveur de Google aux \u00c9tats-Unis et y \u00eatre stock\u00e9es. Google peut transf\u00e9rer les informations obtenues par le biais de Maps \u00e0 des tiers lorsque la loi l&rsquo;exige ou lorsque ces tiers traitent les informations pour le compte de Google.<\/p>\n<p>Google ne recoupera pas votre adresse IP avec toute autre donn\u00e9e d\u00e9tenue par Google. N\u00e9anmoins, il serait techniquement possible pour Google d&rsquo;identifier au moins des utilisateurs individuels sur la base des donn\u00e9es re\u00e7ues. Il serait possible que les donn\u00e9es personnelles et les profils de personnalit\u00e9 des utilisateurs du site web soient trait\u00e9s par Google \u00e0 d&rsquo;autres fins sur lesquelles nous n&rsquo;avons et ne pouvons avoir aucun contr\u00f4le. Vous avez la possibilit\u00e9 de d\u00e9sactiver le service Google Maps et d&#8217;emp\u00eacher ainsi le transfert de donn\u00e9es vers Google en d\u00e9sactivant JavaScript dans votre navigateur. Cependant, nous tenons \u00e0 souligner que dans ce cas, vous ne pourrez pas utiliser l&rsquo;affichage de la carte sur nos pages. La politique de confidentialit\u00e9 de Google et les conditions d&rsquo;utilisation suppl\u00e9mentaires de Google Maps sont disponibles \u00e0 l&rsquo;adresse https:\/\/www.google.com\/intl\/de_de\/help\/terms_maps.html.<\/p>\n<\/div><\/div><\/div><style type=\"text\/css\">.fusion-body .fusion-builder-column-0{width:100% !important;margin-top : 0px;margin-bottom : 0px;}.fusion-builder-column-0 > .fusion-column-wrapper {padding-top : 0px !important;padding-right : 0px !important;margin-right : 0;padding-bottom : 0px !important;padding-left : 0px !important;margin-left : 0;}@media only screen and (max-width:1024px) {.fusion-body .fusion-builder-column-0{width:100% !important;}.fusion-builder-column-0 > .fusion-column-wrapper {margin-right : 0;margin-left : 0;}}@media only screen and (max-width:640px) {.fusion-body .fusion-builder-column-0{width:100% !important;}.fusion-builder-column-0 > .fusion-column-wrapper {margin-right : 0;margin-left : 0;}}<\/style><\/div><style type=\"text\/css\">.fusion-body .fusion-flex-container.fusion-builder-row-1{ padding-top : 0px;margin-top : 0px;padding-right : 0px;padding-bottom : 0px;margin-bottom : 0px;padding-left : 0px;}<\/style><\/div>\n","protected":false},"excerpt":{"rendered":"","protected":false},"author":1,"featured_media":0,"parent":0,"menu_order":0,"comment_status":"closed","ping_status":"open","template":"","meta":[],"yoast_head":"<!-- This site is optimized with the Yoast SEO plugin v16.0 - https:\/\/yoast.com\/wordpress\/plugins\/seo\/ -->\n<title>Protection des donn\u00e9es | DR. MEIK B\u00d6DEKER<\/title>\n<link rel=\"canonical\" href=\"https:\/\/www.meik-boedeker.de\/fr\/protection-des-donnees\/\" \/>\n<meta property=\"og:locale\" content=\"fr_FR\" \/>\n<meta property=\"og:type\" content=\"article\" \/>\n<meta property=\"og:title\" content=\"Protection des donn\u00e9es | DR. MEIK B\u00d6DEKER\" \/>\n<meta property=\"og:url\" content=\"https:\/\/www.meik-boedeker.de\/fr\/protection-des-donnees\/\" \/>\n<meta property=\"og:site_name\" content=\"DR. MEIK B\u00d6DEKER\" \/>\n<meta property=\"article:modified_time\" content=\"2021-03-20T19:43:54+00:00\" \/>\n<meta name=\"twitter:card\" content=\"summary_large_image\" \/>\n<meta name=\"twitter:label1\" content=\"Dur\u00e9e de lecture est.\">\n\t<meta name=\"twitter:data1\" content=\"5 minutes\">\n<script type=\"application\/ld+json\" class=\"yoast-schema-graph\">{\"@context\":\"https:\/\/schema.org\",\"@graph\":[{\"@type\":\"WebSite\",\"@id\":\"https:\/\/www.meik-boedeker.de\/#website\",\"url\":\"https:\/\/www.meik-boedeker.de\/\",\"name\":\"DR. MEIK B\\u00d6DEKER\",\"description\":\"Beratung &amp; Coaching\",\"potentialAction\":[{\"@type\":\"SearchAction\",\"target\":\"https:\/\/www.meik-boedeker.de\/?s={search_term_string}\",\"query-input\":\"required name=search_term_string\"}],\"inLanguage\":\"fr-FR\"},{\"@type\":\"WebPage\",\"@id\":\"https:\/\/www.meik-boedeker.de\/fr\/protection-des-donnees\/#webpage\",\"url\":\"https:\/\/www.meik-boedeker.de\/fr\/protection-des-donnees\/\",\"name\":\"Protection des donn\\u00e9es | DR. MEIK B\\u00d6DEKER\",\"isPartOf\":{\"@id\":\"https:\/\/www.meik-boedeker.de\/#website\"},\"datePublished\":\"2021-03-03T10:29:58+00:00\",\"dateModified\":\"2021-03-20T19:43:54+00:00\",\"breadcrumb\":{\"@id\":\"https:\/\/www.meik-boedeker.de\/fr\/protection-des-donnees\/#breadcrumb\"},\"inLanguage\":\"fr-FR\",\"potentialAction\":[{\"@type\":\"ReadAction\",\"target\":[\"https:\/\/www.meik-boedeker.de\/fr\/protection-des-donnees\/\"]}]},{\"@type\":\"BreadcrumbList\",\"@id\":\"https:\/\/www.meik-boedeker.de\/fr\/protection-des-donnees\/#breadcrumb\",\"itemListElement\":[{\"@type\":\"ListItem\",\"position\":1,\"item\":{\"@type\":\"WebPage\",\"@id\":\"https:\/\/www.meik-boedeker.de\/fr\/\",\"url\":\"https:\/\/www.meik-boedeker.de\/fr\/\",\"name\":\"Startseite\"}},{\"@type\":\"ListItem\",\"position\":2,\"item\":{\"@type\":\"WebPage\",\"@id\":\"https:\/\/www.meik-boedeker.de\/fr\/protection-des-donnees\/\",\"url\":\"https:\/\/www.meik-boedeker.de\/fr\/protection-des-donnees\/\",\"name\":\"Protection des donn\\u00e9es\"}}]}]}<\/script>\n<!-- \/ Yoast SEO plugin. -->","_links":{"self":[{"href":"https:\/\/www.meik-boedeker.de\/fr\/wp-json\/wp\/v2\/pages\/559"}],"collection":[{"href":"https:\/\/www.meik-boedeker.de\/fr\/wp-json\/wp\/v2\/pages"}],"about":[{"href":"https:\/\/www.meik-boedeker.de\/fr\/wp-json\/wp\/v2\/types\/page"}],"author":[{"embeddable":true,"href":"https:\/\/www.meik-boedeker.de\/fr\/wp-json\/wp\/v2\/users\/1"}],"replies":[{"embeddable":true,"href":"https:\/\/www.meik-boedeker.de\/fr\/wp-json\/wp\/v2\/comments?post=559"}],"version-history":[{"count":4,"href":"https:\/\/www.meik-boedeker.de\/fr\/wp-json\/wp\/v2\/pages\/559\/revisions"}],"predecessor-version":[{"id":1083,"href":"https:\/\/www.meik-boedeker.de\/fr\/wp-json\/wp\/v2\/pages\/559\/revisions\/1083"}],"wp:attachment":[{"href":"https:\/\/www.meik-boedeker.de\/fr\/wp-json\/wp\/v2\/media?parent=559"}],"curies":[{"name":"wp","href":"https:\/\/api.w.org\/{rel}","templated":true}]}}